{"id":2780,"date":"2025-03-26T12:47:35","date_gmt":"2025-03-26T10:47:35","guid":{"rendered":"https:\/\/gironacappella.cat\/capella-polifonica-de-girona-2\/"},"modified":"2025-03-26T12:47:35","modified_gmt":"2025-03-26T10:47:35","slug":"capella-polifonica-de-girona-2","status":"publish","type":"tribe_events","link":"https:\/\/gironacappella.cat\/es\/capella-polifonica-de-girona-2\/","title":{"rendered":"Capella Polif\u00f2nica de Girona"},"content":{"rendered":"<p><iframe loading=\"lazy\" title=\"YouTube video player\" src=\"https:\/\/www.youtube.com\/embed\/dQYNZs-xOOw?si=7FZWF_EOpqk8oVAv\" width=\"800\" height=\"500\" frameborder=\"0\" allowfullscreen=\"allowfullscreen\"><\/iframe><\/p>\n<p>La Capilla Polif\u00f3nica de Girona llenar\u00e1 el Claustro del monasterio de flores con sus voces y las de La Jove, la nueva formaci\u00f3n de la familia coral gerundense que debuta con este concierto.<\/p>\n<p>La Polif\u00f3nica de Girona y el prestigioso bar\u00edtono Josep Cabr\u00e9, especialista en m\u00fasica antigua ib\u00e9rica, abrir\u00e1n el concierto con m\u00fasica sacra. Esta intervenci\u00f3n servir\u00e1 de presentaci\u00f3n de La Joven de la Capilla Polif\u00f3nica de Girona que nos ofrecer\u00e1 Un pomell de can\u00e7ons, un programa con canciones de todos los tiempos y de todo el mundo inspiradas por las flores y la primavera. Las canciones se alternar\u00e1n con la lectura de evocadores poemas de tem\u00e1tica tambi\u00e9n floral escritos por Caterina Torra, quien fue abadesa del monasterio de Sant Daniel.<\/p>\n<p><img loading=\"lazy\" decoding=\"async\" class=\"alignnone size-large wp-image-2257\" src=\"https:\/\/gironacappella.cat\/wp-content\/uploads\/2024\/03\/DSC_0303-1024x680.jpg\" alt=\"\" width=\"1024\" height=\"680\" srcset=\"https:\/\/gironacappella.cat\/wp-content\/uploads\/2024\/03\/DSC_0303-980x651.jpg 980w, https:\/\/gironacappella.cat\/wp-content\/uploads\/2024\/03\/DSC_0303-480x319.jpg 480w\" sizes=\"(min-width: 0px) and (max-width: 480px) 480px, (min-width: 481px) and (max-width: 980px) 980px, (min-width: 981px) 1024px, 100vw\" \/><\/p>\n","protected":false},"excerpt":{"rendered":"<p>La Capilla Polif\u00f3nica de Girona llenar\u00e1 el Claustro del monasterio de flores con sus voces y las de La Jove, la nueva formaci\u00f3n de la familia coral gerundense que debuta [&hellip;]<\/p>\n","protected":false},"author":3,"featured_media":2688,"template":"","meta":{"_et_pb_use_builder":"off","_et_pb_old_content":"","_et_gb_content_width":"","_tribe_events_status":"","_tribe_events_status_reason":"","footnotes":""},"tags":[],"tribe_events_cat":[230],"class_list":["post-2780","tribe_events","type-tribe_events","status-publish","has-post-thumbnail","hentry","tribe_events_cat-capella-polifonica-2025-es","cat_capella-polifonica-2025-es"],"yoast_head":"<!-- This site is optimized with the Yoast SEO plugin v27.3 - https:\/\/yoast.com\/product\/yoast-seo-wordpress\/ -->\n<title>Capella Polif\u00f2nica de Girona - Girona A Cappella<\/title>\n<meta name=\"robots\" content=\"index, follow, max-snippet:-1, max-image-preview:large, max-video-preview:-1\" \/>\n<link rel=\"canonical\" href=\"https:\/\/gironacappella.cat\/capella-polifonica-de-girona-2\/\" \/>\n<meta property=\"og:locale\" content=\"es_ES\" \/>\n<meta property=\"og:type\" content=\"article\" \/>\n<meta property=\"og:title\" content=\"Capella Polif\u00f2nica de Girona - Girona A Cappella\" \/>\n<meta property=\"og:description\" content=\"La Capilla Polif\u00f3nica de Girona llenar\u00e1 el Claustro del monasterio de flores con sus voces y las de La Jove, la nueva formaci\u00f3n de la familia coral gerundense que debuta [&hellip;]\" \/>\n<meta property=\"og:url\" content=\"https:\/\/gironacappella.cat\/capella-polifonica-de-girona-2\/\" \/>\n<meta property=\"og:site_name\" content=\"Girona A Cappella\" \/>\n<meta property=\"og:image\" content=\"https:\/\/gironacappella.cat\/wp-content\/uploads\/2024\/03\/DSC_0303-scaled.jpg\" \/>\n\t<meta property=\"og:image:width\" content=\"2560\" \/>\n\t<meta property=\"og:image:height\" content=\"1700\" \/>\n\t<meta property=\"og:image:type\" content=\"image\/jpeg\" \/>\n<meta name=\"twitter:card\" content=\"summary_large_image\" \/>\n<meta name=\"twitter:label1\" content=\"Tiempo de lectura\" \/>\n\t<meta name=\"twitter:data1\" content=\"1 minuto\" \/>\n<script type=\"application\/ld+json\" class=\"yoast-schema-graph\">{\"@context\":\"https:\\\/\\\/schema.org\",\"@graph\":[{\"@type\":\"WebPage\",\"@id\":\"https:\\\/\\\/gironacappella.cat\\\/capella-polifonica-de-girona-2\\\/\",\"url\":\"https:\\\/\\\/gironacappella.cat\\\/capella-polifonica-de-girona-2\\\/\",\"name\":\"Capella Polif\u00f2nica de Girona - Girona A Cappella\",\"isPartOf\":{\"@id\":\"https:\\\/\\\/gironacappella.cat\\\/#website\"},\"primaryImageOfPage\":{\"@id\":\"https:\\\/\\\/gironacappella.cat\\\/capella-polifonica-de-girona-2\\\/#primaryimage\"},\"image\":{\"@id\":\"https:\\\/\\\/gironacappella.cat\\\/capella-polifonica-de-girona-2\\\/#primaryimage\"},\"thumbnailUrl\":\"https:\\\/\\\/gironacappella.cat\\\/wp-content\\\/uploads\\\/2025\\\/03\\\/DSC_0200-scaled.jpg\",\"datePublished\":\"2025-03-26T10:47:35+00:00\",\"breadcrumb\":{\"@id\":\"https:\\\/\\\/gironacappella.cat\\\/capella-polifonica-de-girona-2\\\/#breadcrumb\"},\"inLanguage\":\"es\",\"potentialAction\":[{\"@type\":\"ReadAction\",\"target\":[\"https:\\\/\\\/gironacappella.cat\\\/capella-polifonica-de-girona-2\\\/\"]}]},{\"@type\":\"ImageObject\",\"inLanguage\":\"es\",\"@id\":\"https:\\\/\\\/gironacappella.cat\\\/capella-polifonica-de-girona-2\\\/#primaryimage\",\"url\":\"https:\\\/\\\/gironacappella.cat\\\/wp-content\\\/uploads\\\/2025\\\/03\\\/DSC_0200-scaled.jpg\",\"contentUrl\":\"https:\\\/\\\/gironacappella.cat\\\/wp-content\\\/uploads\\\/2025\\\/03\\\/DSC_0200-scaled.jpg\",\"width\":2560,\"height\":1700},{\"@type\":\"BreadcrumbList\",\"@id\":\"https:\\\/\\\/gironacappella.cat\\\/capella-polifonica-de-girona-2\\\/#breadcrumb\",\"itemListElement\":[{\"@type\":\"ListItem\",\"position\":1,\"name\":\"Inici\",\"item\":\"https:\\\/\\\/gironacappella.cat\\\/\"},{\"@type\":\"ListItem\",\"position\":2,\"name\":\"Esdeveniments\",\"item\":\"https:\\\/\\\/gironacappella.cat\\\/events\\\/\"},{\"@type\":\"ListItem\",\"position\":3,\"name\":\"Capella Polif\u00f2nica de Girona\"}]},{\"@type\":\"WebSite\",\"@id\":\"https:\\\/\\\/gironacappella.cat\\\/#website\",\"url\":\"https:\\\/\\\/gironacappella.cat\\\/\",\"name\":\"Girona A Cappella\",\"description\":\"Per Temps de Flors Girona al\u00e7a la veu!\",\"potentialAction\":[{\"@type\":\"SearchAction\",\"target\":{\"@type\":\"EntryPoint\",\"urlTemplate\":\"https:\\\/\\\/gironacappella.cat\\\/?s={search_term_string}\"},\"query-input\":{\"@type\":\"PropertyValueSpecification\",\"valueRequired\":true,\"valueName\":\"search_term_string\"}}],\"inLanguage\":\"es\"}]}<\/script>\n<!-- \/ Yoast SEO plugin. -->","yoast_head_json":{"title":"Capella Polif\u00f2nica de Girona - Girona A Cappella","robots":{"index":"index","follow":"follow","max-snippet":"max-snippet:-1","max-image-preview":"max-image-preview:large","max-video-preview":"max-video-preview:-1"},"canonical":"https:\/\/gironacappella.cat\/capella-polifonica-de-girona-2\/","og_locale":"es_ES","og_type":"article","og_title":"Capella Polif\u00f2nica de Girona - Girona A Cappella","og_description":"La Capilla Polif\u00f3nica de Girona llenar\u00e1 el Claustro del monasterio de flores con sus voces y las de La Jove, la nueva formaci\u00f3n de la familia coral gerundense que debuta [&hellip;]","og_url":"https:\/\/gironacappella.cat\/capella-polifonica-de-girona-2\/","og_site_name":"Girona A Cappella","og_image":[{"width":2560,"height":1700,"url":"https:\/\/gironacappella.cat\/wp-content\/uploads\/2024\/03\/DSC_0303-scaled.jpg","type":"image\/jpeg"}],"twitter_card":"summary_large_image","twitter_misc":{"Tiempo de lectura":"1 minuto"},"schema":{"@context":"https:\/\/schema.org","@graph":[{"@type":"WebPage","@id":"https:\/\/gironacappella.cat\/capella-polifonica-de-girona-2\/","url":"https:\/\/gironacappella.cat\/capella-polifonica-de-girona-2\/","name":"Capella Polif\u00f2nica de Girona - Girona A Cappella","isPartOf":{"@id":"https:\/\/gironacappella.cat\/#website"},"primaryImageOfPage":{"@id":"https:\/\/gironacappella.cat\/capella-polifonica-de-girona-2\/#primaryimage"},"image":{"@id":"https:\/\/gironacappella.cat\/capella-polifonica-de-girona-2\/#primaryimage"},"thumbnailUrl":"https:\/\/gironacappella.cat\/wp-content\/uploads\/2025\/03\/DSC_0200-scaled.jpg","datePublished":"2025-03-26T10:47:35+00:00","breadcrumb":{"@id":"https:\/\/gironacappella.cat\/capella-polifonica-de-girona-2\/#breadcrumb"},"inLanguage":"es","potentialAction":[{"@type":"ReadAction","target":["https:\/\/gironacappella.cat\/capella-polifonica-de-girona-2\/"]}]},{"@type":"ImageObject","inLanguage":"es","@id":"https:\/\/gironacappella.cat\/capella-polifonica-de-girona-2\/#primaryimage","url":"https:\/\/gironacappella.cat\/wp-content\/uploads\/2025\/03\/DSC_0200-scaled.jpg","contentUrl":"https:\/\/gironacappella.cat\/wp-content\/uploads\/2025\/03\/DSC_0200-scaled.jpg","width":2560,"height":1700},{"@type":"BreadcrumbList","@id":"https:\/\/gironacappella.cat\/capella-polifonica-de-girona-2\/#breadcrumb","itemListElement":[{"@type":"ListItem","position":1,"name":"Inici","item":"https:\/\/gironacappella.cat\/"},{"@type":"ListItem","position":2,"name":"Esdeveniments","item":"https:\/\/gironacappella.cat\/events\/"},{"@type":"ListItem","position":3,"name":"Capella Polif\u00f2nica de Girona"}]},{"@type":"WebSite","@id":"https:\/\/gironacappella.cat\/#website","url":"https:\/\/gironacappella.cat\/","name":"Girona A Cappella","description":"Per Temps de Flors Girona al\u00e7a la veu!","potentialAction":[{"@type":"SearchAction","target":{"@type":"EntryPoint","urlTemplate":"https:\/\/gironacappella.cat\/?s={search_term_string}"},"query-input":{"@type":"PropertyValueSpecification","valueRequired":true,"valueName":"search_term_string"}}],"inLanguage":"es"}]}},"_links":{"self":[{"href":"https:\/\/gironacappella.cat\/es\/wp-json\/wp\/v2\/tribe_events\/2780","targetHints":{"allow":["GET"]}}],"collection":[{"href":"https:\/\/gironacappella.cat\/es\/wp-json\/wp\/v2\/tribe_events"}],"about":[{"href":"https:\/\/gironacappella.cat\/es\/wp-json\/wp\/v2\/types\/tribe_events"}],"author":[{"embeddable":true,"href":"https:\/\/gironacappella.cat\/es\/wp-json\/wp\/v2\/users\/3"}],"version-history":[{"count":0,"href":"https:\/\/gironacappella.cat\/es\/wp-json\/wp\/v2\/tribe_events\/2780\/revisions"}],"wp:featuredmedia":[{"embeddable":true,"href":"https:\/\/gironacappella.cat\/es\/wp-json\/wp\/v2\/media\/2688"}],"wp:attachment":[{"href":"https:\/\/gironacappella.cat\/es\/wp-json\/wp\/v2\/media?parent=2780"}],"wp:term":[{"taxonomy":"post_tag","embeddable":true,"href":"https:\/\/gironacappella.cat\/es\/wp-json\/wp\/v2\/tags?post=2780"},{"taxonomy":"tribe_events_cat","embeddable":true,"href":"https:\/\/gironacappella.cat\/es\/wp-json\/wp\/v2\/tribe_events_cat?post=2780"}],"curies":[{"name":"wp","href":"https:\/\/api.w.org\/{rel}","templated":true}]}}