{"id":2779,"date":"2025-03-26T12:47:35","date_gmt":"2025-03-26T10:47:35","guid":{"rendered":"https:\/\/gironacappella.cat\/capella-polifonica-de-girona\/"},"modified":"2025-03-26T12:47:35","modified_gmt":"2025-03-26T10:47:35","slug":"capella-polifonica-de-girona","status":"publish","type":"tribe_events","link":"https:\/\/gironacappella.cat\/fr\/capella-polifonica-de-girona\/","title":{"rendered":"Capella Polif\u00f2nica de Girona"},"content":{"rendered":"<p><iframe loading=\"lazy\" title=\"YouTube video player\" src=\"https:\/\/www.youtube.com\/embed\/dQYNZs-xOOw?si=7FZWF_EOpqk8oVAv\" width=\"800\" height=\"500\" frameborder=\"0\" allowfullscreen=\"allowfullscreen\"><\/iframe><\/p>\n<p>La Chapelle Polyphonique de G\u00e9rone remplira de fleurs le Clo\u00eetre du monast\u00e8re avec ses voix et celles de La Jove, la nouvelle formation de la famille chorale de G\u00e9rone qui fait ses d\u00e9buts avec ce concert.<\/p>\n<p>La Polif\u00f2nica de Girona et le prestigieux baryton Josep Cabr\u00e9, sp\u00e9cialiste de la musique ib\u00e9rique ancienne, ouvriront le concert avec de la musique sacr\u00e9e. Cette intervention servira de pr\u00e9sentation de La Jove de la Capella Polif\u00f2nica de G\u00e9rone qui nous offrira Un pomell de can\u00e7ons, un programme avec des chansons de tous les temps et du monde entier inspir\u00e9es des fleurs et du printemps. Les chansons alterneront avec la lecture de po\u00e8mes \u00e9vocateurs, \u00e9galement \u00e0 th\u00e8mes floraux, \u00e9crits par Caterina Torra, qui fut abbesse du monast\u00e8re de Sant Daniel.<\/p>\n<p><img loading=\"lazy\" decoding=\"async\" class=\"alignnone size-large wp-image-2257\" src=\"https:\/\/gironacappella.cat\/wp-content\/uploads\/2024\/03\/DSC_0303-1024x680.jpg\" alt=\"\" width=\"1024\" height=\"680\" srcset=\"https:\/\/gironacappella.cat\/wp-content\/uploads\/2024\/03\/DSC_0303-980x651.jpg 980w, https:\/\/gironacappella.cat\/wp-content\/uploads\/2024\/03\/DSC_0303-480x319.jpg 480w\" sizes=\"(min-width: 0px) and (max-width: 480px) 480px, (min-width: 481px) and (max-width: 980px) 980px, (min-width: 981px) 1024px, 100vw\" \/><\/p>\n","protected":false},"excerpt":{"rendered":"<p>La Chapelle Polyphonique de G\u00e9rone remplira de fleurs le Clo\u00eetre du monast\u00e8re avec ses voix et celles de La Jove, la nouvelle formation de la famille chorale de G\u00e9rone qui [&hellip;]<\/p>\n","protected":false},"author":3,"featured_media":2687,"template":"","meta":{"_et_pb_use_builder":"off","_et_pb_old_content":"","_et_gb_content_width":"","_tribe_events_status":"","_tribe_events_status_reason":"","footnotes":""},"tags":[],"tribe_events_cat":[229],"class_list":["post-2779","tribe_events","type-tribe_events","status-publish","has-post-thumbnail","hentry","tribe_events_cat-capella-polifonica-2025-fr","cat_capella-polifonica-2025-fr"],"yoast_head":"<!-- This site is optimized with the Yoast SEO plugin v27.3 - https:\/\/yoast.com\/product\/yoast-seo-wordpress\/ -->\n<title>Capella Polif\u00f2nica de Girona - Girona A Cappella<\/title>\n<meta name=\"robots\" content=\"index, follow, max-snippet:-1, max-image-preview:large, max-video-preview:-1\" \/>\n<link rel=\"canonical\" href=\"https:\/\/gironacappella.cat\/capella-polifonica-de-girona\/\" \/>\n<meta property=\"og:locale\" content=\"fr_FR\" \/>\n<meta property=\"og:type\" content=\"article\" \/>\n<meta property=\"og:title\" content=\"Capella Polif\u00f2nica de Girona - Girona A Cappella\" \/>\n<meta property=\"og:description\" content=\"La Chapelle Polyphonique de G\u00e9rone remplira de fleurs le Clo\u00eetre du monast\u00e8re avec ses voix et celles de La Jove, la nouvelle formation de la famille chorale de G\u00e9rone qui [&hellip;]\" \/>\n<meta property=\"og:url\" content=\"https:\/\/gironacappella.cat\/capella-polifonica-de-girona\/\" \/>\n<meta property=\"og:site_name\" content=\"Girona A Cappella\" \/>\n<meta property=\"og:image\" content=\"https:\/\/gironacappella.cat\/wp-content\/uploads\/2024\/03\/DSC_0303-scaled.jpg\" \/>\n\t<meta property=\"og:image:width\" content=\"2560\" \/>\n\t<meta property=\"og:image:height\" content=\"1700\" \/>\n\t<meta property=\"og:image:type\" content=\"image\/jpeg\" \/>\n<meta name=\"twitter:card\" content=\"summary_large_image\" \/>\n<meta name=\"twitter:label1\" content=\"Dur\u00e9e de lecture estim\u00e9e\" \/>\n\t<meta name=\"twitter:data1\" content=\"1 minute\" \/>\n<script type=\"application\/ld+json\" class=\"yoast-schema-graph\">{\"@context\":\"https:\\\/\\\/schema.org\",\"@graph\":[{\"@type\":\"WebPage\",\"@id\":\"https:\\\/\\\/gironacappella.cat\\\/capella-polifonica-de-girona\\\/\",\"url\":\"https:\\\/\\\/gironacappella.cat\\\/capella-polifonica-de-girona\\\/\",\"name\":\"Capella Polif\u00f2nica de Girona - Girona A Cappella\",\"isPartOf\":{\"@id\":\"https:\\\/\\\/gironacappella.cat\\\/#website\"},\"primaryImageOfPage\":{\"@id\":\"https:\\\/\\\/gironacappella.cat\\\/capella-polifonica-de-girona\\\/#primaryimage\"},\"image\":{\"@id\":\"https:\\\/\\\/gironacappella.cat\\\/capella-polifonica-de-girona\\\/#primaryimage\"},\"thumbnailUrl\":\"https:\\\/\\\/gironacappella.cat\\\/wp-content\\\/uploads\\\/2025\\\/03\\\/DSC_0200-scaled.jpg\",\"datePublished\":\"2025-03-26T10:47:35+00:00\",\"breadcrumb\":{\"@id\":\"https:\\\/\\\/gironacappella.cat\\\/capella-polifonica-de-girona\\\/#breadcrumb\"},\"inLanguage\":\"fr-FR\",\"potentialAction\":[{\"@type\":\"ReadAction\",\"target\":[\"https:\\\/\\\/gironacappella.cat\\\/capella-polifonica-de-girona\\\/\"]}]},{\"@type\":\"ImageObject\",\"inLanguage\":\"fr-FR\",\"@id\":\"https:\\\/\\\/gironacappella.cat\\\/capella-polifonica-de-girona\\\/#primaryimage\",\"url\":\"https:\\\/\\\/gironacappella.cat\\\/wp-content\\\/uploads\\\/2025\\\/03\\\/DSC_0200-scaled.jpg\",\"contentUrl\":\"https:\\\/\\\/gironacappella.cat\\\/wp-content\\\/uploads\\\/2025\\\/03\\\/DSC_0200-scaled.jpg\",\"width\":2560,\"height\":1700},{\"@type\":\"BreadcrumbList\",\"@id\":\"https:\\\/\\\/gironacappella.cat\\\/capella-polifonica-de-girona\\\/#breadcrumb\",\"itemListElement\":[{\"@type\":\"ListItem\",\"position\":1,\"name\":\"Inici\",\"item\":\"https:\\\/\\\/gironacappella.cat\\\/\"},{\"@type\":\"ListItem\",\"position\":2,\"name\":\"Esdeveniments\",\"item\":\"https:\\\/\\\/gironacappella.cat\\\/events\\\/\"},{\"@type\":\"ListItem\",\"position\":3,\"name\":\"Capella Polif\u00f2nica de Girona\"}]},{\"@type\":\"WebSite\",\"@id\":\"https:\\\/\\\/gironacappella.cat\\\/#website\",\"url\":\"https:\\\/\\\/gironacappella.cat\\\/\",\"name\":\"Girona A Cappella\",\"description\":\"Per Temps de Flors Girona al\u00e7a la veu!\",\"potentialAction\":[{\"@type\":\"SearchAction\",\"target\":{\"@type\":\"EntryPoint\",\"urlTemplate\":\"https:\\\/\\\/gironacappella.cat\\\/?s={search_term_string}\"},\"query-input\":{\"@type\":\"PropertyValueSpecification\",\"valueRequired\":true,\"valueName\":\"search_term_string\"}}],\"inLanguage\":\"fr-FR\"}]}<\/script>\n<!-- \/ Yoast SEO plugin. -->","yoast_head_json":{"title":"Capella Polif\u00f2nica de Girona - Girona A Cappella","robots":{"index":"index","follow":"follow","max-snippet":"max-snippet:-1","max-image-preview":"max-image-preview:large","max-video-preview":"max-video-preview:-1"},"canonical":"https:\/\/gironacappella.cat\/capella-polifonica-de-girona\/","og_locale":"fr_FR","og_type":"article","og_title":"Capella Polif\u00f2nica de Girona - Girona A Cappella","og_description":"La Chapelle Polyphonique de G\u00e9rone remplira de fleurs le Clo\u00eetre du monast\u00e8re avec ses voix et celles de La Jove, la nouvelle formation de la famille chorale de G\u00e9rone qui [&hellip;]","og_url":"https:\/\/gironacappella.cat\/capella-polifonica-de-girona\/","og_site_name":"Girona A Cappella","og_image":[{"width":2560,"height":1700,"url":"https:\/\/gironacappella.cat\/wp-content\/uploads\/2024\/03\/DSC_0303-scaled.jpg","type":"image\/jpeg"}],"twitter_card":"summary_large_image","twitter_misc":{"Dur\u00e9e de lecture estim\u00e9e":"1 minute"},"schema":{"@context":"https:\/\/schema.org","@graph":[{"@type":"WebPage","@id":"https:\/\/gironacappella.cat\/capella-polifonica-de-girona\/","url":"https:\/\/gironacappella.cat\/capella-polifonica-de-girona\/","name":"Capella Polif\u00f2nica de Girona - Girona A Cappella","isPartOf":{"@id":"https:\/\/gironacappella.cat\/#website"},"primaryImageOfPage":{"@id":"https:\/\/gironacappella.cat\/capella-polifonica-de-girona\/#primaryimage"},"image":{"@id":"https:\/\/gironacappella.cat\/capella-polifonica-de-girona\/#primaryimage"},"thumbnailUrl":"https:\/\/gironacappella.cat\/wp-content\/uploads\/2025\/03\/DSC_0200-scaled.jpg","datePublished":"2025-03-26T10:47:35+00:00","breadcrumb":{"@id":"https:\/\/gironacappella.cat\/capella-polifonica-de-girona\/#breadcrumb"},"inLanguage":"fr-FR","potentialAction":[{"@type":"ReadAction","target":["https:\/\/gironacappella.cat\/capella-polifonica-de-girona\/"]}]},{"@type":"ImageObject","inLanguage":"fr-FR","@id":"https:\/\/gironacappella.cat\/capella-polifonica-de-girona\/#primaryimage","url":"https:\/\/gironacappella.cat\/wp-content\/uploads\/2025\/03\/DSC_0200-scaled.jpg","contentUrl":"https:\/\/gironacappella.cat\/wp-content\/uploads\/2025\/03\/DSC_0200-scaled.jpg","width":2560,"height":1700},{"@type":"BreadcrumbList","@id":"https:\/\/gironacappella.cat\/capella-polifonica-de-girona\/#breadcrumb","itemListElement":[{"@type":"ListItem","position":1,"name":"Inici","item":"https:\/\/gironacappella.cat\/"},{"@type":"ListItem","position":2,"name":"Esdeveniments","item":"https:\/\/gironacappella.cat\/events\/"},{"@type":"ListItem","position":3,"name":"Capella Polif\u00f2nica de Girona"}]},{"@type":"WebSite","@id":"https:\/\/gironacappella.cat\/#website","url":"https:\/\/gironacappella.cat\/","name":"Girona A Cappella","description":"Per Temps de Flors Girona al\u00e7a la veu!","potentialAction":[{"@type":"SearchAction","target":{"@type":"EntryPoint","urlTemplate":"https:\/\/gironacappella.cat\/?s={search_term_string}"},"query-input":{"@type":"PropertyValueSpecification","valueRequired":true,"valueName":"search_term_string"}}],"inLanguage":"fr-FR"}]}},"_links":{"self":[{"href":"https:\/\/gironacappella.cat\/fr\/wp-json\/wp\/v2\/tribe_events\/2779","targetHints":{"allow":["GET"]}}],"collection":[{"href":"https:\/\/gironacappella.cat\/fr\/wp-json\/wp\/v2\/tribe_events"}],"about":[{"href":"https:\/\/gironacappella.cat\/fr\/wp-json\/wp\/v2\/types\/tribe_events"}],"author":[{"embeddable":true,"href":"https:\/\/gironacappella.cat\/fr\/wp-json\/wp\/v2\/users\/3"}],"version-history":[{"count":0,"href":"https:\/\/gironacappella.cat\/fr\/wp-json\/wp\/v2\/tribe_events\/2779\/revisions"}],"wp:featuredmedia":[{"embeddable":true,"href":"https:\/\/gironacappella.cat\/fr\/wp-json\/wp\/v2\/media\/2687"}],"wp:attachment":[{"href":"https:\/\/gironacappella.cat\/fr\/wp-json\/wp\/v2\/media?parent=2779"}],"wp:term":[{"taxonomy":"post_tag","embeddable":true,"href":"https:\/\/gironacappella.cat\/fr\/wp-json\/wp\/v2\/tags?post=2779"},{"taxonomy":"tribe_events_cat","embeddable":true,"href":"https:\/\/gironacappella.cat\/fr\/wp-json\/wp\/v2\/tribe_events_cat?post=2779"}],"curies":[{"name":"wp","href":"https:\/\/api.w.org\/{rel}","templated":true}]}}